{"id":1985,"date":"2021-01-29T11:19:38","date_gmt":"2021-01-29T11:19:38","guid":{"rendered":"https:\/\/ristorantebistrot.it\/?page_id=1985"},"modified":"2021-03-23T11:10:02","modified_gmt":"2021-03-23T11:10:02","slug":"la-fattoria","status":"publish","type":"page","link":"https:\/\/ristorantebistrot.it\/english\/la-fattoria\/","title":{"rendered":"Farm"},"content":{"rendered":"\t\t<div data-elementor-type=\"wp-page\" data-elementor-id=\"1985\" class=\"elementor elementor-1985\" data-elementor-post-type=\"page\">\n\t\t\t\t\t\t<section class=\"elementor-section elementor-top-section elementor-element elementor-element-7fd182e elementor-hidden-desktop elementor-hidden-tablet elementor-section-boxed elementor-section-height-default elementor-section-height-default\" data-id=\"7fd182e\" data-element_type=\"section\" data-e-type=\"section\">\n\t\t\t\t\t\t<div class=\"elementor-container elementor-column-gap-default\">\n\t\t\t\t\t<div class=\"elementor-column elementor-col-100 elementor-top-column elementor-element elementor-element-209fc7b\" data-id=\"209fc7b\" data-element_type=\"column\" data-e-type=\"column\">\n\t\t\t<div class=\"elementor-widget-wrap elementor-element-populated\">\n\t\t\t\t\t\t<div class=\"elementor-element elementor-element-e812f82 elementor-widget elementor-widget-text-editor\" data-id=\"e812f82\" data-element_type=\"widget\" data-e-type=\"widget\" data-widget_type=\"text-editor.default\">\n\t\t\t\t<div class=\"elementor-widget-container\">\n\t\t\t\t\t\t\t\t\t<span style=\"color: #777777;\">\/\/ LA FATTORIA<\/span>\t\t\t\t\t\t\t\t<\/div>\n\t\t\t\t<\/div>\n\t\t\t\t<div class=\"elementor-element elementor-element-98db48 elementor-widget elementor-widget-heading\" data-id=\"98db48\" data-element_type=\"widget\" data-e-type=\"widget\" data-widget_type=\"heading.default\">\n\t\t\t\t<div class=\"elementor-widget-container\">\n\t\t\t\t\t<h2 class=\"elementor-heading-title elementor-size-default\">Dalla terra le radici<br>della nostra cucina<\/h2>\t\t\t\t<\/div>\n\t\t\t\t<\/div>\n\t\t\t\t\t<\/div>\n\t\t<\/div>\n\t\t\t\t\t<\/div>\n\t\t<\/section>\n\t\t\t\t<section class=\"elementor-section elementor-top-section elementor-element elementor-element-cdbb00b elementor-section-height-min-height animated-slow elementor-section-stretched elementor-section-full_width elementor-section-height-default elementor-section-items-middle elementor-invisible\" data-id=\"cdbb00b\" data-element_type=\"section\" data-e-type=\"section\" data-settings=\"{&quot;background_background&quot;:&quot;slideshow&quot;,&quot;background_slideshow_gallery&quot;:[{&quot;id&quot;:1558,&quot;url&quot;:&quot;https:\\\/\\\/ristorantebistrot.it\\\/wp-content\\\/uploads\\\/2021\\\/01\\\/Fiori-di-zucca.jpg&quot;}],&quot;animation&quot;:&quot;fadeIn&quot;,&quot;animation_delay&quot;:400,&quot;stretch_section&quot;:&quot;section-stretched&quot;,&quot;background_slideshow_loop&quot;:&quot;yes&quot;,&quot;background_slideshow_slide_duration&quot;:5000,&quot;background_slideshow_slide_transition&quot;:&quot;fade&quot;,&quot;background_slideshow_transition_duration&quot;:500}\">\n\t\t\t\t\t\t<div class=\"elementor-container elementor-column-gap-default\">\n\t\t\t\t\t<div class=\"elementor-column elementor-col-100 elementor-top-column elementor-element elementor-element-6782c291 elementor-hidden-phone\" data-id=\"6782c291\" data-element_type=\"column\" data-e-type=\"column\">\n\t\t\t<div class=\"elementor-widget-wrap elementor-element-populated\">\n\t\t\t\t\t\t<div class=\"elementor-element elementor-element-950ca27 elementor-widget elementor-widget-text-editor\" data-id=\"950ca27\" data-element_type=\"widget\" data-e-type=\"widget\" data-widget_type=\"text-editor.default\">\n\t\t\t\t<div class=\"elementor-widget-container\">\n\t\t\t\t\t\t\t\t\t<p><span style=\"color: #2b2b2b;\">LA FATTORIA<\/span><\/p>\t\t\t\t\t\t\t\t<\/div>\n\t\t\t\t<\/div>\n\t\t\t\t<div class=\"elementor-element elementor-element-d27f540 elementor-widget elementor-widget-heading\" data-id=\"d27f540\" data-element_type=\"widget\" data-e-type=\"widget\" data-widget_type=\"heading.default\">\n\t\t\t\t<div class=\"elementor-widget-container\">\n\t\t\t\t\t<h2 class=\"elementor-heading-title elementor-size-default\">Dalla terra le radici<br>della nostra cucina<\/h2>\t\t\t\t<\/div>\n\t\t\t\t<\/div>\n\t\t\t\t\t<\/div>\n\t\t<\/div>\n\t\t\t\t\t<\/div>\n\t\t<\/section>\n\t\t\t\t<section class=\"elementor-section elementor-top-section elementor-element elementor-element-afe16a2 elementor-section-boxed elementor-section-height-default elementor-section-height-default\" data-id=\"afe16a2\" data-element_type=\"section\" data-e-type=\"section\">\n\t\t\t\t\t\t<div class=\"elementor-container elementor-column-gap-default\">\n\t\t\t\t\t<div class=\"elementor-column elementor-col-100 elementor-top-column elementor-element elementor-element-f8855fe\" data-id=\"f8855fe\" data-element_type=\"column\" data-e-type=\"column\">\n\t\t\t<div class=\"elementor-widget-wrap elementor-element-populated\">\n\t\t\t\t\t\t<div class=\"elementor-element elementor-element-aa3a55f elementor-widget elementor-widget-text-editor\" data-id=\"aa3a55f\" data-element_type=\"widget\" data-e-type=\"widget\" data-widget_type=\"text-editor.default\">\n\t\t\t\t<div class=\"elementor-widget-container\">\n\t\t\t\t\t\t\t\t\t<p>A San Quirico di Moriano, immerso nello straordinario scenario delle colline lucchesi, Piero Vaiani guida l\u2019azienda agricola \u201cFattoria Vaiani\u201d; siamo nel \u201cMorianese\u201d, la fascia di terra pianeggiante e in parte collinare di origine alluvionale che si estende lungo la riva destra del fiume Serchio; la presenza diffusa di tanti corsi d\u2019acqua e un clima temperato umido, rendono i terreni particolarmente fertili favorendo il fiorire di un\u2019agricoltura qualificata, e tutto questo Piero lo sa bene, perch\u00e9 questa \u00e8 la sua terra, queste le sue origini: figlio di contadini lui sa riconoscere la qualit\u00e0 e le potenzialit\u00e0 di una zolla di terra tra le mani, terra ricca e severa, ma generosa con chi la ama.<\/p><p>Gestita dallo \u201cchef des champs\u201d Andrea Simonetti, la Fattoria comprende due ettari di uliveti con 800 ulivi (Frantoio, Leccino, Moraiolo) e tre ettari di orto e serre, fornendo verdure, frutta, olivo di oliva, erbe aromatiche, fiori e presto uova e miele alle cucine di tutti i nostri ristoranti.<\/p><p>\u00a0<\/p><p>I menu del Bistrot nascono dalla collaborazione e coordinamento che l\u2019executive Chef Andrea Mattei ha saputo creare con i contadini della Fattoria che aggiornano in tempo reale la cucina in modo da poter sempre utilizzare i prodotti di massima qualit\u00e0, non solo di stagione, ma soprattutto di giornata, creando un\u2019esperienza culinaria fortemente radicata alla terra e ai suoi cicli\u2026 un ciclo a cui teniamo e lavoriamo sodo per mantenere, riportando tutti gli scarti organici e bucce di verdure dei nostri ristoranti nel cumulo del compost per alimentare la nostra terra e ringraziarla della sua generosit\u00e0.<\/p>\t\t\t\t\t\t\t\t<\/div>\n\t\t\t\t<\/div>\n\t\t\t\t\t<\/div>\n\t\t<\/div>\n\t\t\t\t\t<\/div>\n\t\t<\/section>\n\t\t\t\t<section class=\"elementor-section elementor-top-section elementor-element elementor-element-112ada1 elementor-section-boxed elementor-section-height-default elementor-section-height-default\" data-id=\"112ada1\" data-element_type=\"section\" data-e-type=\"section\">\n\t\t\t\t\t\t<div class=\"elementor-container elementor-column-gap-no\">\n\t\t\t\t\t<div class=\"elementor-column elementor-col-50 elementor-top-column elementor-element elementor-element-98a725c\" data-id=\"98a725c\" data-element_type=\"column\" data-e-type=\"column\">\n\t\t\t<div class=\"elementor-widget-wrap elementor-element-populated\">\n\t\t\t\t\t\t<div class=\"elementor-element elementor-element-fdb938d animated-slow elementor-invisible elementor-widget elementor-widget-image\" data-id=\"fdb938d\" data-element_type=\"widget\" data-e-type=\"widget\" data-settings=\"{&quot;_animation&quot;:&quot;fadeIn&quot;,&quot;_animation_delay&quot;:1100,&quot;_animation_mobile&quot;:&quot;fadeIn&quot;}\" data-widget_type=\"image.default\">\n\t\t\t\t<div class=\"elementor-widget-container\">\n\t\t\t\t\t\t\t\t\t\t\t\t\t\t\t<img fetchpriority=\"high\" decoding=\"async\" width=\"1200\" height=\"800\" src=\"https:\/\/ristorantebistrot.it\/wp-content\/uploads\/2021\/02\/Serra-3.jpg\" class=\"attachment-full size-full wp-image-2706\" alt=\"\" srcset=\"https:\/\/ristorantebistrot.it\/wp-content\/uploads\/2021\/02\/Serra-3.jpg 1200w, https:\/\/ristorantebistrot.it\/wp-content\/uploads\/2021\/02\/Serra-3-300x200.jpg 300w, https:\/\/ristorantebistrot.it\/wp-content\/uploads\/2021\/02\/Serra-3-1024x683.jpg 1024w, https:\/\/ristorantebistrot.it\/wp-content\/uploads\/2021\/02\/Serra-3-768x512.jpg 768w, https:\/\/ristorantebistrot.it\/wp-content\/uploads\/2021\/02\/Serra-3-600x400.jpg 600w\" sizes=\"(max-width: 1200px) 100vw, 1200px\" style=\"width:100%;height:66.67%;max-width:1200px\" \/>\t\t\t\t\t\t\t\t\t\t\t\t\t\t\t<\/div>\n\t\t\t\t<\/div>\n\t\t\t\t\t<\/div>\n\t\t<\/div>\n\t\t\t\t<div class=\"elementor-column elementor-col-50 elementor-top-column elementor-element elementor-element-20c4e33\" data-id=\"20c4e33\" data-element_type=\"column\" data-e-type=\"column\">\n\t\t\t<div class=\"elementor-widget-wrap elementor-element-populated\">\n\t\t\t\t\t\t<div class=\"elementor-element elementor-element-7771aef animated-slow elementor-invisible elementor-widget elementor-widget-image\" data-id=\"7771aef\" data-element_type=\"widget\" data-e-type=\"widget\" data-settings=\"{&quot;_animation&quot;:&quot;fadeIn&quot;,&quot;_animation_delay&quot;:1100,&quot;_animation_mobile&quot;:&quot;fadeIn&quot;}\" data-widget_type=\"image.default\">\n\t\t\t\t<div class=\"elementor-widget-container\">\n\t\t\t\t\t\t\t\t\t\t\t\t\t\t\t<img decoding=\"async\" width=\"750\" height=\"500\" src=\"https:\/\/ristorantebistrot.it\/wp-content\/uploads\/2021\/02\/Piero-nel-campo-1-1-1024x683.jpg\" class=\"attachment-large size-large wp-image-2707\" alt=\"\" srcset=\"https:\/\/ristorantebistrot.it\/wp-content\/uploads\/2021\/02\/Piero-nel-campo-1-1-1024x683.jpg 1024w, https:\/\/ristorantebistrot.it\/wp-content\/uploads\/2021\/02\/Piero-nel-campo-1-1-300x200.jpg 300w, https:\/\/ristorantebistrot.it\/wp-content\/uploads\/2021\/02\/Piero-nel-campo-1-1-768x512.jpg 768w, https:\/\/ristorantebistrot.it\/wp-content\/uploads\/2021\/02\/Piero-nel-campo-1-1-600x400.jpg 600w, https:\/\/ristorantebistrot.it\/wp-content\/uploads\/2021\/02\/Piero-nel-campo-1-1.jpg 1200w\" sizes=\"(max-width: 750px) 100vw, 750px\" style=\"width:100%;height:66.67%;max-width:1200px\" \/>\t\t\t\t\t\t\t\t\t\t\t\t\t\t\t<\/div>\n\t\t\t\t<\/div>\n\t\t\t\t\t<\/div>\n\t\t<\/div>\n\t\t\t\t\t<\/div>\n\t\t<\/section>\n\t\t\t\t<section class=\"elementor-section elementor-top-section elementor-element elementor-element-7bc2c81 elementor-section-boxed elementor-section-height-default elementor-section-height-default\" data-id=\"7bc2c81\" data-element_type=\"section\" data-e-type=\"section\">\n\t\t\t\t\t\t<div class=\"elementor-container elementor-column-gap-no\">\n\t\t\t\t\t<div class=\"elementor-column elementor-col-50 elementor-top-column elementor-element elementor-element-ae93301\" data-id=\"ae93301\" data-element_type=\"column\" data-e-type=\"column\">\n\t\t\t<div class=\"elementor-widget-wrap elementor-element-populated\">\n\t\t\t\t\t\t<div class=\"elementor-element elementor-element-40300fa animated-slow elementor-invisible elementor-widget elementor-widget-image\" data-id=\"40300fa\" data-element_type=\"widget\" data-e-type=\"widget\" data-settings=\"{&quot;_animation&quot;:&quot;fadeIn&quot;,&quot;_animation_delay&quot;:1100,&quot;_animation_mobile&quot;:&quot;fadeIn&quot;}\" data-widget_type=\"image.default\">\n\t\t\t\t<div class=\"elementor-widget-container\">\n\t\t\t\t\t\t\t\t\t\t\t\t\t\t\t<img decoding=\"async\" width=\"750\" height=\"500\" src=\"https:\/\/ristorantebistrot.it\/wp-content\/uploads\/2021\/02\/Raccolta-Olive-2-Podere-Vaiani-1-1024x683.jpg\" class=\"attachment-large size-large wp-image-2708\" alt=\"\" srcset=\"https:\/\/ristorantebistrot.it\/wp-content\/uploads\/2021\/02\/Raccolta-Olive-2-Podere-Vaiani-1-1024x683.jpg 1024w, https:\/\/ristorantebistrot.it\/wp-content\/uploads\/2021\/02\/Raccolta-Olive-2-Podere-Vaiani-1-300x200.jpg 300w, https:\/\/ristorantebistrot.it\/wp-content\/uploads\/2021\/02\/Raccolta-Olive-2-Podere-Vaiani-1-768x512.jpg 768w, https:\/\/ristorantebistrot.it\/wp-content\/uploads\/2021\/02\/Raccolta-Olive-2-Podere-Vaiani-1-600x400.jpg 600w, https:\/\/ristorantebistrot.it\/wp-content\/uploads\/2021\/02\/Raccolta-Olive-2-Podere-Vaiani-1.jpg 1200w\" sizes=\"(max-width: 750px) 100vw, 750px\" style=\"width:100%;height:66.67%;max-width:1200px\" \/>\t\t\t\t\t\t\t\t\t\t\t\t\t\t\t<\/div>\n\t\t\t\t<\/div>\n\t\t\t\t\t<\/div>\n\t\t<\/div>\n\t\t\t\t<div class=\"elementor-column elementor-col-50 elementor-top-column elementor-element elementor-element-9ee681d\" data-id=\"9ee681d\" data-element_type=\"column\" data-e-type=\"column\">\n\t\t\t<div class=\"elementor-widget-wrap elementor-element-populated\">\n\t\t\t\t\t\t<div class=\"elementor-element elementor-element-b41390b animated-slow elementor-invisible elementor-widget elementor-widget-image\" data-id=\"b41390b\" data-element_type=\"widget\" data-e-type=\"widget\" data-settings=\"{&quot;_animation&quot;:&quot;fadeIn&quot;,&quot;_animation_delay&quot;:1100,&quot;_animation_mobile&quot;:&quot;fadeIn&quot;}\" data-widget_type=\"image.default\">\n\t\t\t\t<div class=\"elementor-widget-container\">\n\t\t\t\t\t\t\t\t\t\t\t\t\t\t\t<img loading=\"lazy\" decoding=\"async\" width=\"1200\" height=\"800\" src=\"https:\/\/ristorantebistrot.it\/wp-content\/uploads\/2021\/02\/Verdure-Azienda-1.jpg\" class=\"attachment-full size-full wp-image-2709\" alt=\"\" srcset=\"https:\/\/ristorantebistrot.it\/wp-content\/uploads\/2021\/02\/Verdure-Azienda-1.jpg 1200w, https:\/\/ristorantebistrot.it\/wp-content\/uploads\/2021\/02\/Verdure-Azienda-1-300x200.jpg 300w, https:\/\/ristorantebistrot.it\/wp-content\/uploads\/2021\/02\/Verdure-Azienda-1-1024x683.jpg 1024w, https:\/\/ristorantebistrot.it\/wp-content\/uploads\/2021\/02\/Verdure-Azienda-1-768x512.jpg 768w, https:\/\/ristorantebistrot.it\/wp-content\/uploads\/2021\/02\/Verdure-Azienda-1-600x400.jpg 600w\" sizes=\"(max-width: 1200px) 100vw, 1200px\" style=\"width:100%;height:66.67%;max-width:1200px\" \/>\t\t\t\t\t\t\t\t\t\t\t\t\t\t\t<\/div>\n\t\t\t\t<\/div>\n\t\t\t\t\t<\/div>\n\t\t<\/div>\n\t\t\t\t\t<\/div>\n\t\t<\/section>\n\t\t\t\t<\/div>\n\t\t","protected":false},"excerpt":{"rendered":"<p>\/\/ LA FATTORIA Dalla terra le radicidella nostra cucina LA FATTORIA Dalla terra le radicidella nostra cucina A San Quirico di Moriano, immerso nello straordinario scenario delle colline lucchesi, Piero Vaiani guida l\u2019azienda agricola \u201cFattoria Vaiani\u201d; siamo nel \u201cMorianese\u201d, la fascia di terra pianeggiante e in parte collinare di origine alluvionale che si estende lungo&hellip; <a class=\"more-link\" href=\"https:\/\/ristorantebistrot.it\/english\/la-fattoria\/\">Continue reading <span class=\"screen-reader-text\">Farm<\/span><\/a><\/p>","protected":false},"author":1,"featured_media":0,"parent":0,"menu_order":0,"comment_status":"closed","ping_status":"closed","template":"","meta":{"footnotes":""},"class_list":["post-1985","page","type-page","status-publish","hentry","entry"],"yoast_head":"<!-- This site is optimized with the Yoast SEO plugin v27.4 - https:\/\/yoast.com\/product\/yoast-seo-wordpress\/ -->\n<title>La fattoria - Bistrot Restaurant | Forte dei Marmi<\/title>\n<meta name=\"robots\" content=\"index, follow, max-snippet:-1, max-image-preview:large, max-video-preview:-1\" \/>\n<link rel=\"canonical\" href=\"https:\/\/ristorantebistrot.it\/english\/la-fattoria\/\" \/>\n<meta property=\"og:locale\" content=\"en_GB\" \/>\n<meta property=\"og:type\" content=\"article\" \/>\n<meta property=\"og:title\" content=\"La fattoria - Bistrot Restaurant | Forte dei Marmi\" \/>\n<meta property=\"og:description\" content=\"\/\/ LA FATTORIA Dalla terra le radicidella nostra cucina LA FATTORIA Dalla terra le radicidella nostra cucina A San Quirico di Moriano, immerso nello straordinario scenario delle colline lucchesi, Piero Vaiani guida l\u2019azienda agricola \u201cFattoria Vaiani\u201d; siamo nel \u201cMorianese\u201d, la fascia di terra pianeggiante e in parte collinare di origine alluvionale che si estende lungo&hellip; Continue reading La fattoria\" \/>\n<meta property=\"og:url\" content=\"https:\/\/ristorantebistrot.it\/english\/la-fattoria\/\" \/>\n<meta property=\"og:site_name\" content=\"Bistrot Restaurant | Forte dei Marmi\" \/>\n<meta property=\"article:modified_time\" content=\"2021-03-23T11:10:02+00:00\" \/>\n<meta property=\"og:image\" content=\"https:\/\/www.ristorantebistrot.it\/wp-content\/uploads\/2021\/02\/Serra-3.jpg\" \/>\n<meta name=\"twitter:card\" content=\"summary_large_image\" \/>\n<meta name=\"twitter:label1\" content=\"Estimated reading time\" \/>\n\t<meta name=\"twitter:data1\" content=\"3 minutes\" \/>\n<script type=\"application\/ld+json\" class=\"yoast-schema-graph\">{\"@context\":\"https:\\\/\\\/schema.org\",\"@graph\":[{\"@type\":\"WebPage\",\"@id\":\"https:\\\/\\\/ristorantebistrot.it\\\/english\\\/la-fattoria\\\/\",\"url\":\"https:\\\/\\\/ristorantebistrot.it\\\/english\\\/la-fattoria\\\/\",\"name\":\"La fattoria - Bistrot Restaurant | Forte dei Marmi\",\"isPartOf\":{\"@id\":\"https:\\\/\\\/ristorantebistrot.it\\\/#website\"},\"primaryImageOfPage\":{\"@id\":\"https:\\\/\\\/ristorantebistrot.it\\\/english\\\/la-fattoria\\\/#primaryimage\"},\"image\":{\"@id\":\"https:\\\/\\\/ristorantebistrot.it\\\/english\\\/la-fattoria\\\/#primaryimage\"},\"thumbnailUrl\":\"https:\\\/\\\/www.ristorantebistrot.it\\\/wp-content\\\/uploads\\\/2021\\\/02\\\/Serra-3.jpg\",\"datePublished\":\"2021-01-29T11:19:38+00:00\",\"dateModified\":\"2021-03-23T11:10:02+00:00\",\"breadcrumb\":{\"@id\":\"https:\\\/\\\/ristorantebistrot.it\\\/english\\\/la-fattoria\\\/#breadcrumb\"},\"inLanguage\":\"en-GB\",\"potentialAction\":[{\"@type\":\"ReadAction\",\"target\":[\"https:\\\/\\\/ristorantebistrot.it\\\/english\\\/la-fattoria\\\/\"]}]},{\"@type\":\"ImageObject\",\"inLanguage\":\"en-GB\",\"@id\":\"https:\\\/\\\/ristorantebistrot.it\\\/english\\\/la-fattoria\\\/#primaryimage\",\"url\":\"https:\\\/\\\/www.ristorantebistrot.it\\\/wp-content\\\/uploads\\\/2021\\\/02\\\/Serra-3.jpg\",\"contentUrl\":\"https:\\\/\\\/www.ristorantebistrot.it\\\/wp-content\\\/uploads\\\/2021\\\/02\\\/Serra-3.jpg\"},{\"@type\":\"BreadcrumbList\",\"@id\":\"https:\\\/\\\/ristorantebistrot.it\\\/english\\\/la-fattoria\\\/#breadcrumb\",\"itemListElement\":[{\"@type\":\"ListItem\",\"position\":1,\"name\":\"Home\",\"item\":\"https:\\\/\\\/ristorantebistrot.it\\\/\"},{\"@type\":\"ListItem\",\"position\":2,\"name\":\"La fattoria\"}]},{\"@type\":\"WebSite\",\"@id\":\"https:\\\/\\\/ristorantebistrot.it\\\/#website\",\"url\":\"https:\\\/\\\/ristorantebistrot.it\\\/\",\"name\":\"Bistrot Restaurant | Forte dei Marmi\",\"description\":\"Da due generazioni la ristorazione a Forte dei Marmi\",\"publisher\":{\"@id\":\"https:\\\/\\\/ristorantebistrot.it\\\/#organization\"},\"potentialAction\":[{\"@type\":\"SearchAction\",\"target\":{\"@type\":\"EntryPoint\",\"urlTemplate\":\"https:\\\/\\\/ristorantebistrot.it\\\/?s={search_term_string}\"},\"query-input\":{\"@type\":\"PropertyValueSpecification\",\"valueRequired\":true,\"valueName\":\"search_term_string\"}}],\"inLanguage\":\"en-GB\"},{\"@type\":\"Organization\",\"@id\":\"https:\\\/\\\/ristorantebistrot.it\\\/#organization\",\"name\":\"Ristorante Bistrot Forte dei Marmi\",\"url\":\"https:\\\/\\\/ristorantebistrot.it\\\/\",\"logo\":{\"@type\":\"ImageObject\",\"inLanguage\":\"en-GB\",\"@id\":\"https:\\\/\\\/ristorantebistrot.it\\\/#\\\/schema\\\/logo\\\/image\\\/\",\"url\":\"https:\\\/\\\/ristorantebistrot.it\\\/wp-content\\\/uploads\\\/2021\\\/03\\\/logo-paypal.jpg\",\"contentUrl\":\"https:\\\/\\\/ristorantebistrot.it\\\/wp-content\\\/uploads\\\/2021\\\/03\\\/logo-paypal.jpg\",\"width\":150,\"height\":50,\"caption\":\"Ristorante Bistrot Forte dei Marmi\"},\"image\":{\"@id\":\"https:\\\/\\\/ristorantebistrot.it\\\/#\\\/schema\\\/logo\\\/image\\\/\"}}]}<\/script>\n<!-- \/ Yoast SEO plugin. -->","yoast_head_json":{"title":"La fattoria - Bistrot Restaurant | Forte dei Marmi","robots":{"index":"index","follow":"follow","max-snippet":"max-snippet:-1","max-image-preview":"max-image-preview:large","max-video-preview":"max-video-preview:-1"},"canonical":"https:\/\/ristorantebistrot.it\/english\/la-fattoria\/","og_locale":"en_GB","og_type":"article","og_title":"La fattoria - Bistrot Restaurant | Forte dei Marmi","og_description":"\/\/ LA FATTORIA Dalla terra le radicidella nostra cucina LA FATTORIA Dalla terra le radicidella nostra cucina A San Quirico di Moriano, immerso nello straordinario scenario delle colline lucchesi, Piero Vaiani guida l\u2019azienda agricola \u201cFattoria Vaiani\u201d; siamo nel \u201cMorianese\u201d, la fascia di terra pianeggiante e in parte collinare di origine alluvionale che si estende lungo&hellip; Continue reading La fattoria","og_url":"https:\/\/ristorantebistrot.it\/english\/la-fattoria\/","og_site_name":"Bistrot Restaurant | Forte dei Marmi","article_modified_time":"2021-03-23T11:10:02+00:00","og_image":[{"url":"https:\/\/www.ristorantebistrot.it\/wp-content\/uploads\/2021\/02\/Serra-3.jpg","type":"","width":"","height":""}],"twitter_card":"summary_large_image","twitter_misc":{"Estimated reading time":"3 minutes"},"schema":{"@context":"https:\/\/schema.org","@graph":[{"@type":"WebPage","@id":"https:\/\/ristorantebistrot.it\/english\/la-fattoria\/","url":"https:\/\/ristorantebistrot.it\/english\/la-fattoria\/","name":"La fattoria - Bistrot Restaurant | Forte dei Marmi","isPartOf":{"@id":"https:\/\/ristorantebistrot.it\/#website"},"primaryImageOfPage":{"@id":"https:\/\/ristorantebistrot.it\/english\/la-fattoria\/#primaryimage"},"image":{"@id":"https:\/\/ristorantebistrot.it\/english\/la-fattoria\/#primaryimage"},"thumbnailUrl":"https:\/\/www.ristorantebistrot.it\/wp-content\/uploads\/2021\/02\/Serra-3.jpg","datePublished":"2021-01-29T11:19:38+00:00","dateModified":"2021-03-23T11:10:02+00:00","breadcrumb":{"@id":"https:\/\/ristorantebistrot.it\/english\/la-fattoria\/#breadcrumb"},"inLanguage":"en-GB","potentialAction":[{"@type":"ReadAction","target":["https:\/\/ristorantebistrot.it\/english\/la-fattoria\/"]}]},{"@type":"ImageObject","inLanguage":"en-GB","@id":"https:\/\/ristorantebistrot.it\/english\/la-fattoria\/#primaryimage","url":"https:\/\/www.ristorantebistrot.it\/wp-content\/uploads\/2021\/02\/Serra-3.jpg","contentUrl":"https:\/\/www.ristorantebistrot.it\/wp-content\/uploads\/2021\/02\/Serra-3.jpg"},{"@type":"BreadcrumbList","@id":"https:\/\/ristorantebistrot.it\/english\/la-fattoria\/#breadcrumb","itemListElement":[{"@type":"ListItem","position":1,"name":"Home","item":"https:\/\/ristorantebistrot.it\/"},{"@type":"ListItem","position":2,"name":"La fattoria"}]},{"@type":"WebSite","@id":"https:\/\/ristorantebistrot.it\/#website","url":"https:\/\/ristorantebistrot.it\/","name":"Bistrot Restaurant | Forte dei Marmi","description":"Da due generazioni la ristorazione a Forte dei Marmi","publisher":{"@id":"https:\/\/ristorantebistrot.it\/#organization"},"potentialAction":[{"@type":"SearchAction","target":{"@type":"EntryPoint","urlTemplate":"https:\/\/ristorantebistrot.it\/?s={search_term_string}"},"query-input":{"@type":"PropertyValueSpecification","valueRequired":true,"valueName":"search_term_string"}}],"inLanguage":"en-GB"},{"@type":"Organization","@id":"https:\/\/ristorantebistrot.it\/#organization","name":"Ristorante Bistrot Forte dei Marmi","url":"https:\/\/ristorantebistrot.it\/","logo":{"@type":"ImageObject","inLanguage":"en-GB","@id":"https:\/\/ristorantebistrot.it\/#\/schema\/logo\/image\/","url":"https:\/\/ristorantebistrot.it\/wp-content\/uploads\/2021\/03\/logo-paypal.jpg","contentUrl":"https:\/\/ristorantebistrot.it\/wp-content\/uploads\/2021\/03\/logo-paypal.jpg","width":150,"height":50,"caption":"Ristorante Bistrot Forte dei Marmi"},"image":{"@id":"https:\/\/ristorantebistrot.it\/#\/schema\/logo\/image\/"}}]}},"_links":{"self":[{"href":"https:\/\/ristorantebistrot.it\/english\/wp-json\/wp\/v2\/pages\/1985","targetHints":{"allow":["GET"]}}],"collection":[{"href":"https:\/\/ristorantebistrot.it\/english\/wp-json\/wp\/v2\/pages"}],"about":[{"href":"https:\/\/ristorantebistrot.it\/english\/wp-json\/wp\/v2\/types\/page"}],"author":[{"embeddable":true,"href":"https:\/\/ristorantebistrot.it\/english\/wp-json\/wp\/v2\/users\/1"}],"replies":[{"embeddable":true,"href":"https:\/\/ristorantebistrot.it\/english\/wp-json\/wp\/v2\/comments?post=1985"}],"version-history":[{"count":73,"href":"https:\/\/ristorantebistrot.it\/english\/wp-json\/wp\/v2\/pages\/1985\/revisions"}],"predecessor-version":[{"id":2956,"href":"https:\/\/ristorantebistrot.it\/english\/wp-json\/wp\/v2\/pages\/1985\/revisions\/2956"}],"wp:attachment":[{"href":"https:\/\/ristorantebistrot.it\/english\/wp-json\/wp\/v2\/media?parent=1985"}],"curies":[{"name":"wp","href":"https:\/\/api.w.org\/{rel}","templated":true}]}}